{"id":38647,"date":"2021-05-14T12:12:29","date_gmt":"2021-05-14T11:12:29","guid":{"rendered":"https:\/\/audirvana.com\/sitev8\/politique-de-confidentialite\/"},"modified":"2026-08-13T14:53:12","modified_gmt":"2026-08-13T13:53:12","slug":"politique-de-confidentialite","status":"publish","type":"page","link":"https:\/\/audirvana.com\/fr\/politique-de-confidentialite\/","title":{"rendered":"Politique de confidentialit\u00e9"},"content":{"rendered":"\t\t<div data-elementor-type=\"wp-page\" data-elementor-id=\"38647\" class=\"elementor elementor-38647 elementor-8426\" data-elementor-post-type=\"page\">\n\t\t\t\t\t\t<section class=\"elementor-section elementor-top-section elementor-element elementor-element-a13e8a5 elementor-section-boxed elementor-section-height-default elementor-section-height-default\" data-id=\"a13e8a5\" data-element_type=\"section\" data-e-type=\"section\" data-settings=\"{&quot;background_background&quot;:&quot;classic&quot;}\">\n\t\t\t\t\t\t<div class=\"elementor-container elementor-column-gap-default\">\n\t\t\t\t\t<div class=\"elementor-column elementor-col-100 elementor-top-column elementor-element elementor-element-f5ecf00\" data-id=\"f5ecf00\" data-element_type=\"column\" data-e-type=\"column\">\n\t\t\t<div class=\"elementor-widget-wrap elementor-element-populated\">\n\t\t\t\t\t\t<div class=\"elementor-element elementor-element-bf73219 elementor-widget elementor-widget-heading\" data-id=\"bf73219\" data-element_type=\"widget\" data-e-type=\"widget\" data-widget_type=\"heading.default\">\n\t\t\t\t<div class=\"elementor-widget-container\">\n\t\t\t\t\t<h1 class=\"elementor-heading-title elementor-size-default\">Politique de confidentialit\u00e9<\/h1>\t\t\t\t<\/div>\n\t\t\t\t<\/div>\n\t\t\t\t<div class=\"elementor-element elementor-element-c4ba1b4 elementor-widget elementor-widget-text-editor\" data-id=\"c4ba1b4\" data-element_type=\"widget\" data-e-type=\"widget\" data-widget_type=\"text-editor.default\">\n\t\t\t\t<div class=\"elementor-widget-container\">\n\t\t\t\t\t\t\t\t\t<p>AUDIRVANA se soucie des droits des personnes, notamment en ce qui concerne les traitements automatis\u00e9s, et, dans un souci de transparence envers ses clients, a mis en place une politique couvrant l\u2019ensemble de ces traitements, les finalit\u00e9s pour lesquelles ils sont r\u00e9alis\u00e9s, ainsi que les moyens d\u2019action dont disposent les personnes pour exercer au mieux leurs droits.<\/p><p>Pour toute information compl\u00e9mentaire sur la protection des donn\u00e9es personnelles, nous vous invitons \u00e0 consulter le site : https:\/\/www.cnil.fr\/.<\/p><p>La poursuite de la navigation sur ce site constitue une acceptation sans r\u00e9serve des pr\u00e9sentes conditions d\u2019utilisation.<\/p><p>La version des pr\u00e9sentes conditions d\u2019utilisation actuellement en ligne est la seule applicable pendant toute la dur\u00e9e d\u2019utilisation du site et jusqu\u2019\u00e0 ce qu\u2019une nouvelle version la remplace.<\/p><p><strong>Article 1 &#8211; Mentions l\u00e9gales<\/strong><\/p><p>1.1 Site (ci-apr\u00e8s \u00ab le Site \u00bb)<\/p><p>audirvana.com<\/p><p>1.2 \u00c9diteur (ci-apr\u00e8s \u00ab l\u2019\u00c9diteur \u00bb) :<\/p><p>AUDIRV\u0100NA SAS au capital variable minimum de 1 000 \u20ac<\/p><p>dont le si\u00e8ge social est situ\u00e9 au 13, rue George Sand 75016<\/p><p>repr\u00e9sent\u00e9e par M. Damien Plisson, en sa qualit\u00e9 de dirigeant et repr\u00e9sentant l\u00e9gal<\/p><p>immatricul\u00e9e au RCS de PARIS 534 628 953<\/p><p>Adresse e-mail : contact@audirvana.com<\/p><p>1.3 H\u00e9bergeur (ci-apr\u00e8s d\u00e9sign\u00e9 \u00ab l\u2019h\u00e9bergeur \u00bb) :<\/p><p>audirvana.com est h\u00e9berg\u00e9 par OVH SAS, dont le si\u00e8ge social est situ\u00e9 au 2 rue Kellermann 59100 Roubaix.<\/p><p>1.4 D\u00e9l\u00e9gu\u00e9 \u00e0 la protection des donn\u00e9es (DPO) :<\/p><p>Un d\u00e9l\u00e9gu\u00e9 \u00e0 la protection des donn\u00e9es : Damien Plisson, privacy@audirvana.com, est \u00e0 votre disposition pour toute question relative \u00e0 la protection de vos donn\u00e9es personnelles.<\/p><p><strong>Article 2 &#8211; Acc\u00e8s au site<\/strong><\/p><p>L\u2019acc\u00e8s et l\u2019utilisation du site sont r\u00e9serv\u00e9s \u00e0 un usage strictement personnel. Vous vous engagez \u00e0 ne pas utiliser ce site ni les informations ou donn\u00e9es qu\u2019il contient \u00e0 des fins commerciales, politiques ou publicitaires, ni pour toute forme de sollicitation commerciale, y compris l\u2019envoi de courriers \u00e9lectroniques non sollicit\u00e9s.<\/p><p><strong>Article 3 &#8211; Contenu du site<\/strong><\/p><p>Toutes les marques, photographies, textes, commentaires, illustrations, images (anim\u00e9es ou non), s\u00e9quences vid\u00e9o, sons, ainsi que toutes les applications informatiques pouvant \u00eatre utilis\u00e9es pour le fonctionnement de ce site et, plus g\u00e9n\u00e9ralement, tous les \u00e9l\u00e9ments reproduits ou utilis\u00e9s sur le site sont prot\u00e9g\u00e9s par les lois en vigueur relatives \u00e0 la propri\u00e9t\u00e9 intellectuelle.<\/p><p>Ils sont la propri\u00e9t\u00e9 pleine et enti\u00e8re de l\u2019\u00e9diteur ou de ses partenaires. Toute reproduction, repr\u00e9sentation, utilisation ou adaptation, sous quelque forme que ce soit, de tout ou partie de ces \u00e9l\u00e9ments, y compris les applications informatiques, sans l\u2019accord \u00e9crit pr\u00e9alable de l\u2019\u00e9diteur, est strictement interdite. Le fait que l\u2019\u00e9diteur n\u2019engage pas de poursuites d\u00e8s qu\u2019il a connaissance de ces utilisations non autoris\u00e9es ne constitue pas une acceptation de ces utilisations et une renonciation aux poursuites.<\/p><p><strong>Article 4 &#8211; Gestion du site<\/strong><\/p><p>Pour la bonne gestion du site, l\u2019\u00e9diteur peut \u00e0 tout moment :<\/p><p>&#8211; suspendre, interrompre ou limiter l\u2019acc\u00e8s \u00e0 tout ou partie du site, r\u00e9server l\u2019acc\u00e8s au site, ou \u00e0 certaines parties du site, \u00e0 une cat\u00e9gorie d\u00e9termin\u00e9e d\u2019internautes ;<\/p><p>&#8211; supprimer toute information pouvant perturber le fonctionnement du site ou entrant en contravention avec les lois nationales ou internationales ;<\/p><p>&#8211; suspendre le site afin de proc\u00e9der \u00e0 des mises \u00e0 jour.<\/p><p><strong>Article 5 &#8211; Responsabilit\u00e9s<\/strong><\/p><p>La responsabilit\u00e9 de l\u2019\u00e9diteur ne saurait \u00eatre engag\u00e9e en cas de d\u00e9faillance, panne, difficult\u00e9 ou interruption de fonctionnement, emp\u00eachant l\u2019acc\u00e8s au site ou \u00e0 l\u2019une de ses fonctionnalit\u00e9s.<\/p><p>Le mat\u00e9riel utilis\u00e9 pour se connecter au site est sous votre enti\u00e8re responsabilit\u00e9. Vous devez prendre toutes les mesures appropri\u00e9es pour prot\u00e9ger votre mat\u00e9riel et vos propres donn\u00e9es, notamment contre les attaques virales via Internet. Par ailleurs, vous \u00eates seul responsable des sites et des donn\u00e9es que vous consultez.<\/p><p>L\u2019\u00e9diteur ne pourra \u00eatre tenu responsable en cas de poursuites judiciaires \u00e0 votre encontre :<\/p><p>&#8211; du fait de l\u2019usage du site ou de tout service accessible via Internet ;<\/p><p>&#8211; du fait du non-respect des pr\u00e9sentes conditions g\u00e9n\u00e9rales.<\/p><p>L\u2019\u00e9diteur n\u2019est pas responsable des dommages caus\u00e9s \u00e0 vous, \u00e0 des tiers et\/ou \u00e0 votre \u00e9quipement, r\u00e9sultant de votre connexion ou de votre utilisation du site, et vous renoncez \u00e0 toute action \u00e0 son encontre \u00e0 ce titre.<\/p><p>Si l\u2019\u00e9diteur venait \u00e0 faire l\u2019objet d\u2019une proc\u00e9dure amiable ou judiciaire en raison de votre utilisation du site, il pourra se retourner contre vous pour obtenir l\u2019indemnisation de tous les dommages, sommes, condamnations et frais qui pourraient r\u00e9sulter de cette proc\u00e9dure.<\/p><p><strong>Article 6 &#8211; Liens hypertextes<\/strong><\/p><p>La mise en place par les utilisateurs de tout lien hypertexte vers tout ou partie du site est autoris\u00e9e par l\u2019\u00e9diteur. Tout lien devra \u00eatre retir\u00e9 sur simple demande de l\u2019\u00e9diteur.<\/p><p>Toute information accessible via un lien vers d\u2019autres sites n\u2019est pas publi\u00e9e par l\u2019\u00e9diteur. L\u2019\u00e9diteur ne dispose d\u2019aucun droit sur ce contenu accessible via un tel lien.<\/p><p><strong>Article 7 &#8211; Collecte et protection des donn\u00e9es<\/strong><\/p><p>Vos donn\u00e9es peuvent \u00eatre collect\u00e9es par AUDIRVANA.<\/p><p>Par donn\u00e9es personnelles, on entend toute information concernant une personne physique identifi\u00e9e ou identifiable (personne concern\u00e9e) ; est r\u00e9put\u00e9e identifiable une personne qui peut \u00eatre identifi\u00e9e, directement ou indirectement, notamment par r\u00e9f\u00e9rence \u00e0 un nom, un num\u00e9ro d\u2019identification ou un ou plusieurs \u00e9l\u00e9ments propres \u00e0 son identit\u00e9 physique, physiologique, g\u00e9n\u00e9tique, psychologique, \u00e9conomique, culturelle ou sociale.<\/p><p>Les informations personnelles pouvant \u00eatre collect\u00e9es sur le site sont principalement utilis\u00e9es par l\u2019\u00e9diteur pour g\u00e9rer la relation avec vous, et le cas \u00e9ch\u00e9ant pour traiter vos commandes.<\/p><p>Les donn\u00e9es personnelles collect\u00e9es peuvent \u00eatre les suivantes :<\/p><p>&#8211; Nom et pr\u00e9nom<\/p><p>&#8211; Adresse e-mail<\/p><p>&#8211; Pays de l\u2019utilisateur<\/p><p>Un d\u00e9l\u00e9gu\u00e9 \u00e0 la protection des donn\u00e9es : Damien Plisson, privacy@audirvana.com, est \u00e0 votre disposition pour toute question relative \u00e0 la protection de vos donn\u00e9es personnelles.<\/p><p><strong>Article 8 &#8211; Droit d\u2019acc\u00e8s, de rectification et de suppression de vos donn\u00e9es<\/strong><\/p><p>En application des r\u00e8gles applicables aux donn\u00e9es personnelles, les utilisateurs disposent des droits suivants :<\/p><p>le droit d\u2019acc\u00e8s : ils peuvent exercer leur droit d\u2019acc\u00e8s, pour conna\u00eetre leurs donn\u00e9es personnelles, en \u00e9crivant \u00e0 l\u2019adresse e-mail mentionn\u00e9e ci-dessous. Dans ce cas, avant de mettre en \u0153uvre ce droit, AUDIRVANA peut demander une preuve de l\u2019identit\u00e9 de l\u2019utilisateur afin d\u2019en v\u00e9rifier l\u2019exactitude ;<br \/>le droit de rectification : si les donn\u00e9es personnelles d\u00e9tenues par AUDIRVANA sont inexactes, ils peuvent demander que les informations soient mises \u00e0 jour ;<br \/>le droit \u00e0 l\u2019effacement des donn\u00e9es : l\u2019utilisateur peut demander la suppression de ses donn\u00e9es personnelles, conform\u00e9ment aux lois applicables en mati\u00e8re de protection des donn\u00e9es ;<br \/>le droit \u00e0 la limitation du traitement : l\u2019utilisateur peut demander \u00e0 AUDIRVANA de limiter le traitement de ses donn\u00e9es personnelles conform\u00e9ment aux hypoth\u00e8ses pr\u00e9vues par le RGPD ;<br \/>le droit d\u2019opposition au traitement des donn\u00e9es : l\u2019utilisateur peut s\u2019opposer au traitement de ses donn\u00e9es conform\u00e9ment aux hypoth\u00e8ses pr\u00e9vues par le RGPD ;<br \/>le droit \u00e0 la portabilit\u00e9 : ils peuvent demander \u00e0 AUDIRVANA de transmettre les donn\u00e9es personnelles qu\u2019ils ont fournies \u00e0 une nouvelle soci\u00e9t\u00e9.<br \/>Vous pouvez exercer ce droit en nous contactant \u00e0 l\u2019adresse suivante :<br \/>13 rue George Sand &#8211; 75016 Paris<\/p><p>Ou en envoyant un e-mail \u00e0 notre d\u00e9l\u00e9gu\u00e9 \u00e0 la protection des donn\u00e9es Damien Plisson, privacy@audirvana.com, qui est \u00e0 votre disposition pour toute question relative \u00e0 la protection de vos donn\u00e9es personnelles.<\/p><p>Toute demande doit \u00eatre accompagn\u00e9e d\u2019une photocopie d\u2019une pi\u00e8ce d\u2019identit\u00e9 valide et sign\u00e9e et mentionner l\u2019adresse \u00e0 laquelle l\u2019\u00e9diteur peut contacter le demandeur. Une r\u00e9ponse sera envoy\u00e9e dans un d\u00e9lai d\u2019un mois \u00e0 compter de la r\u00e9ception de la demande. Ce d\u00e9lai d\u2019un mois peut \u00eatre prolong\u00e9 de deux mois si la complexit\u00e9 de la demande et\/ou le nombre de demandes le justifie.<\/p><p>Par ailleurs, et depuis la loi n\u00b02016-1321 du 7 octobre 2016, les personnes qui le souhaitent ont la possibilit\u00e9 d\u2019organiser le sort de leurs donn\u00e9es apr\u00e8s leur d\u00e9c\u00e8s. Pour plus d\u2019informations sur ce sujet, vous pouvez consulter le site de la CNIL : https:\/\/www.cnil.fr\/.<\/p><p>Les utilisateurs peuvent \u00e9galement d\u00e9poser une plainte aupr\u00e8s de la CNIL sur le site de la CNIL : https:\/\/www.cnil.fr.<\/p><p>\u00c9tant enti\u00e8rement \u00e0 votre disposition pour r\u00e9soudre tout probl\u00e8me relatif aux donn\u00e9es personnelles, nous vous sugg\u00e9rons de nous contacter avant de d\u00e9poser une \u00e9ventuelle plainte aupr\u00e8s de la CNIL.<\/p><p><strong>Article 9 &#8211; Utilisation des donn\u00e9es<\/strong><\/p><p>Les donn\u00e9es personnelles collect\u00e9es aupr\u00e8s des utilisateurs sont utilis\u00e9es pour fournir les services du site, les am\u00e9liorer et maintenir un environnement s\u00e9curis\u00e9. La base l\u00e9gale du traitement est l\u2019ex\u00e9cution du contrat entre l\u2019utilisateur et AUDIRVANA. Plus pr\u00e9cis\u00e9ment, les utilisations sont les suivantes :<\/p><p>&#8211; l\u2019acc\u00e8s et l\u2019utilisation du site par l\u2019utilisateur ;<\/p><p>&#8211; la gestion du fonctionnement et l\u2019optimisation du site ;<\/p><p>&#8211; la mise en \u0153uvre d\u2019une assistance aux utilisateurs ;<\/p><p>&#8211; la v\u00e9rification, l\u2019identification et l\u2019authentification des donn\u00e9es transmises par l\u2019utilisateur ;<\/p><p>&#8211; la pr\u00e9vention et la d\u00e9tection de la fraude, des logiciels malveillants (malware) et la gestion des incidents de s\u00e9curit\u00e9 ;<\/p><p>&#8211; la gestion des litiges \u00e9ventuels avec les utilisateurs ;<\/p><p>&#8211; l\u2019envoi d\u2019informations commerciales et publicitaires, selon les pr\u00e9f\u00e9rences de l\u2019utilisateur ;<\/p><p><strong>Article 10 &#8211; Politique de conservation des donn\u00e9es<\/strong><\/p><p>AUDIRVANA conserve vos donn\u00e9es aussi longtemps que n\u00e9cessaire pour vous fournir nos services ou notre assistance.<\/p><p>Dans la mesure raisonnablement n\u00e9cessaire ou requise pour satisfaire \u00e0 des obligations l\u00e9gales ou r\u00e9glementaires, r\u00e9soudre des litiges, pr\u00e9venir la fraude et les abus, ou faire respecter nos conditions g\u00e9n\u00e9rales, nous pouvons \u00e9galement conserver certaines de vos informations aussi longtemps que n\u00e9cessaire, m\u00eame apr\u00e8s la cl\u00f4ture de votre compte ou lorsque nous n\u2019en avons plus besoin pour vous fournir nos services.<\/p><p><strong>Article 11 &#8211; Partage des donn\u00e9es personnelles avec des tiers<\/strong><\/p><p>Les donn\u00e9es personnelles peuvent \u00eatre partag\u00e9es avec des soci\u00e9t\u00e9s tierces au sein de l\u2019Union europ\u00e9enne et du Royaume-Uni dans les cas suivants<\/p><p>&#8211; lorsque l\u2019utilisateur publie des informations accessibles au public dans les espaces de commentaires libres du site ;<\/p><p>&#8211; lorsque l\u2019utilisateur autorise le site d\u2019un tiers \u00e0 acc\u00e9der \u00e0 ses donn\u00e9es ;<\/p><p>&#8211; lorsque AUDIRVANA fait appel aux services de prestataires pour fournir une assistance aux utilisateurs, ainsi que des services publicitaires et de paiement. Ces prestataires de services ont un acc\u00e8s limit\u00e9 aux donn\u00e9es de l\u2019utilisateur, dans le cadre de l\u2019ex\u00e9cution de ces services, et sont contractuellement tenus de les utiliser conform\u00e9ment aux dispositions de la r\u00e9glementation applicable en mati\u00e8re de protection des donn\u00e9es personnelles ;<\/p><p>&#8211; si la loi l\u2019exige, AUDIRVANA peut transmettre des donn\u00e9es afin de donner suite aux plaintes d\u00e9pos\u00e9es \u00e0 son encontre et de se conformer aux proc\u00e9dures administratives et judiciaires.<\/p><p><strong>Article 12 &#8211; Offres commerciales<\/strong><\/p><p>Vous pouvez recevoir des offres commerciales de l\u2019\u00e9diteur. Si vous ne le souhaitez pas, veuillez envoyer un e-mail \u00e0 : privacy@audirvana.com.<\/p><p>Si, lors de la consultation du site, vous acc\u00e9dez \u00e0 des donn\u00e9es personnelles, vous devez vous abstenir de toute collecte, de toute utilisation non autoris\u00e9e et de tout acte pouvant constituer une atteinte \u00e0 la vie priv\u00e9e ou \u00e0 la r\u00e9putation. L\u2019\u00e9diteur d\u00e9cline toute responsabilit\u00e9 \u00e0 cet \u00e9gard.<\/p><p>Les donn\u00e9es sont conserv\u00e9es et utilis\u00e9es pendant une certaine dur\u00e9e conform\u00e9ment \u00e0 la l\u00e9gislation en vigueur.<\/p>\t\t\t\t\t\t\t\t<\/div>\n\t\t\t\t<\/div>\n\t\t\t\t<div class=\"elementor-element elementor-element-7ae66ab elementor-widget elementor-widget-text-editor\" data-id=\"7ae66ab\" data-element_type=\"widget\" data-e-type=\"widget\" data-widget_type=\"text-editor.default\">\n\t\t\t\t<div class=\"elementor-widget-container\">\n\t\t\t\t\t\t\t\t\t<p><strong>Article 13 &#8211;<\/strong> Cookies<\/p><p>Un \u00ab cookie \u00bb ou traceur est un fichier \u00e9lectronique d\u00e9pos\u00e9 sur un terminal (ordinateur, tablette, smartphone, etc.) et lu, par exemple, lors de la consultation d\u2019un site internet, de la lecture d\u2019un e-mail, de l\u2019installation ou de l\u2019utilisation d\u2019un logiciel ou d\u2019une application mobile, quel que soit le type de terminal utilis\u00e9 (source : https:\/\/www.cnil.fr\/fr\/cookies-traceurs-que-dit-la-loi).<\/p><p>Lors de la navigation sur ce site, des \u00ab cookies \u00bb de la soci\u00e9t\u00e9 responsable du site concern\u00e9 et\/ou de soci\u00e9t\u00e9s tierces peuvent \u00eatre d\u00e9pos\u00e9s sur votre terminal.<\/p><p>Lors de votre premi\u00e8re navigation sur ce site, une banni\u00e8re expliquant l\u2019utilisation des cookies appara\u00eetra. D\u00e8s lors, en continuant de naviguer sur le site, le client et\/ou prospect sera r\u00e9put\u00e9 avoir \u00e9t\u00e9 inform\u00e9 et avoir accept\u00e9 l\u2019utilisation desdits \u00ab cookies \u00bb. L\u2019accord donn\u00e9 sera valable pour une dur\u00e9e de treize (13) mois. L\u2019utilisateur a la possibilit\u00e9 de d\u00e9sactiver les \u00ab cookies \u00bb depuis les param\u00e8tres de son navigateur.<\/p><p>Toutes les informations collect\u00e9es seront utilis\u00e9es uniquement pour suivre le volume, le type et la configuration du trafic sur ce site, pour d\u00e9velopper sa conception et sa pr\u00e9sentation, \u00e0 d\u2019autres fins administratives et de planification et, plus g\u00e9n\u00e9ralement, pour am\u00e9liorer le service que nous vous offrons.<\/p><p>Les cookies Google suivants sont pr\u00e9sents sur ce site :<\/p><p>&#8211; Google Analytics : nous permet de mesurer l\u2019audience du site de mani\u00e8re anonyme ;<br \/>&#8211; Google Tag Manager : facilite le param\u00e9trage des balises sur les pages et permet de g\u00e9rer les balises Google ;<br \/>&#8211; Google Adwords Conversion : un outil de suivi des campagnes publicitaires Adwords.<\/p><p>La dur\u00e9e de vie de ces cookies est de treize mois.<\/p><p>Pour plus d\u2019informations sur l\u2019utilisation, la gestion et la suppression des \u00ab cookies \u00bb, pour tous types de navigateurs, nous vous invitons \u00e0 consulter le lien suivant : https:\/\/www.cnil.fr\/fr\/cookies-les-outils-pour-les-maitriser.<\/p>\t\t\t\t\t\t\t\t<\/div>\n\t\t\t\t<\/div>\n\t\t\t\t<div class=\"elementor-element elementor-element-4f5c3f0 elementor-widget elementor-widget-html\" data-id=\"4f5c3f0\" data-element_type=\"widget\" data-e-type=\"widget\" div-show-cookie-button=\"\" style=\"display: none\" data-widget_type=\"html.default\">\n\t\t\t\t<div class=\"elementor-widget-container\">\n\t\t\t\t\t  <button onclick=\"javascript:openAxeptioCookies()\">\n    Cliquez ici pour modifier vos pr\u00e9f\u00e9rences en mati\u00e8re de cookies\n  <\/button>\t\t\t\t<\/div>\n\t\t\t\t<\/div>\n\t\t\t\t<div class=\"elementor-element elementor-element-3d0a8b5 elementor-widget elementor-widget-text-editor\" data-id=\"3d0a8b5\" data-element_type=\"widget\" data-e-type=\"widget\" data-widget_type=\"text-editor.default\">\n\t\t\t\t<div class=\"elementor-widget-container\">\n\t\t\t\t\t\t\t\t\t<strong>Article 14 &#8211; Photographies et repr\u00e9sentation des produits<\/strong>\n<p>Les photographies des produits, accompagnant leur description, ne sont pas contractuelles et n\u2019engagent pas l\u2019\u00e9diteur.<\/p>\n<p><strong>Article 15 &#8211; Loi applicable<\/strong><\/p>\n<p>Les pr\u00e9sentes conditions d\u2019utilisation du site sont r\u00e9gies par le droit fran\u00e7ais et soumises \u00e0 la comp\u00e9tence des tribunaux du si\u00e8ge social de l\u2019\u00e9diteur, sous r\u00e9serve d\u2019une attribution de comp\u00e9tence sp\u00e9cifique r\u00e9sultant d\u2019une loi ou d\u2019une r\u00e9glementation particuli\u00e8re.<\/p>\n<p><strong>Article 16 &#8211; Contactez-nous<\/strong><\/p>\n<p>Pour toute question, information sur les produits pr\u00e9sent\u00e9s sur le site, ou concernant le site lui-m\u00eame, vous pouvez laisser un message \u00e0 l\u2019adresse suivante : contact@audirvana.com.<\/p>\n<p><\/p>\t\t\t\t\t\t\t\t<\/div>\n\t\t\t\t<\/div>\n\t\t\t\t\t<\/div>\n\t\t<\/div>\n\t\t\t\t\t<\/div>\n\t\t<\/section>\n\t\t\t\t<\/div>\n\t\t","protected":false},"excerpt":{"rendered":"<p>Politique de confidentialit\u00e9 AUDIRVANA se soucie des droits des personnes, notamment en ce qui concerne les traitements automatis\u00e9s, et, dans un souci de transparence envers ses clients, a mis en place une politique couvrant l\u2019ensemble de ces traitements, les finalit\u00e9s pour lesquelles ils sont r\u00e9alis\u00e9s, ainsi que les moyens d\u2019action dont disposent les personnes pour [&hellip;]<\/p>\n","protected":false},"author":6,"featured_media":0,"parent":0,"menu_order":0,"comment_status":"closed","ping_status":"closed","template":"","meta":{"_acf_changed":false,"footnotes":""},"categories":[59],"tags":[],"class_list":["post-38647","page","type-page","status-publish","hentry","category-products"],"acf":[],"_links":{"self":[{"href":"https:\/\/audirvana.com\/fr\/wp-json\/wp\/v2\/pages\/38647","targetHints":{"allow":["GET"]}}],"collection":[{"href":"https:\/\/audirvana.com\/fr\/wp-json\/wp\/v2\/pages"}],"about":[{"href":"https:\/\/audirvana.com\/fr\/wp-json\/wp\/v2\/types\/page"}],"author":[{"embeddable":true,"href":"https:\/\/audirvana.com\/fr\/wp-json\/wp\/v2\/users\/6"}],"replies":[{"embeddable":true,"href":"https:\/\/audirvana.com\/fr\/wp-json\/wp\/v2\/comments?post=38647"}],"version-history":[{"count":3,"href":"https:\/\/audirvana.com\/fr\/wp-json\/wp\/v2\/pages\/38647\/revisions"}],"predecessor-version":[{"id":43622,"href":"https:\/\/audirvana.com\/fr\/wp-json\/wp\/v2\/pages\/38647\/revisions\/43622"}],"wp:attachment":[{"href":"https:\/\/audirvana.com\/fr\/wp-json\/wp\/v2\/media?parent=38647"}],"wp:term":[{"taxonomy":"category","embeddable":true,"href":"https:\/\/audirvana.com\/fr\/wp-json\/wp\/v2\/categories?post=38647"},{"taxonomy":"post_tag","embeddable":true,"href":"https:\/\/audirvana.com\/fr\/wp-json\/wp\/v2\/tags?post=38647"}],"curies":[{"name":"wp","href":"https:\/\/api.w.org\/{rel}","templated":true}]}}